{"id":808,"date":"2022-08-31T20:00:11","date_gmt":"2022-08-31T20:00:11","guid":{"rendered":"https:\/\/theatrelesmeuliers.fr\/?page_id=808"},"modified":"2026-02-03T16:39:00","modified_gmt":"2026-02-03T16:39:00","slug":"presentation","status":"publish","type":"page","link":"https:\/\/theatrelesmeuliers.fr\/index.php\/presentation\/","title":{"rendered":"Pr\u00e9sentation"},"content":{"rendered":"\t\t<div data-elementor-type=\"wp-page\" data-elementor-id=\"808\" class=\"elementor elementor-808\">\n\t\t\t\t\t\t<section class=\"elementor-section elementor-top-section elementor-element elementor-element-4e6a64b elementor-section-boxed elementor-section-height-default elementor-section-height-default\" data-id=\"4e6a64b\" data-element_type=\"section\" data-e-type=\"section\">\n\t\t\t\t\t\t<div class=\"elementor-container elementor-column-gap-default\">\n\t\t\t\t\t<div class=\"elementor-column elementor-col-100 elementor-top-column elementor-element elementor-element-0cddef8\" data-id=\"0cddef8\" data-element_type=\"column\" data-e-type=\"column\">\n\t\t\t<div class=\"elementor-widget-wrap elementor-element-populated\">\n\t\t\t\t\t\t<div class=\"elementor-element elementor-element-ba2945e elementor-widget elementor-widget-heading\" data-id=\"ba2945e\" data-element_type=\"widget\" data-e-type=\"widget\" data-widget_type=\"heading.default\">\n\t\t\t\t<div class=\"elementor-widget-container\">\n\t\t\t\t\t<h1 class=\"elementor-heading-title elementor-size-default\">L'histoire de notre \u00e9cole<\/h1>\t\t\t\t<\/div>\n\t\t\t\t<\/div>\n\t\t\t\t\t<\/div>\n\t\t<\/div>\n\t\t\t\t\t<\/div>\n\t\t<\/section>\n\t\t\t\t<section class=\"elementor-section elementor-top-section elementor-element elementor-element-469b417 elementor-section-boxed elementor-section-height-default elementor-section-height-default\" data-id=\"469b417\" data-element_type=\"section\" data-e-type=\"section\" data-settings=\"{&quot;background_background&quot;:&quot;classic&quot;,&quot;shape_divider_top&quot;:&quot;book&quot;}\">\n\t\t\t\t\t<div class=\"elementor-shape elementor-shape-top\" aria-hidden=\"true\" data-negative=\"false\">\n\t\t\t<svg xmlns=\"http:\/\/www.w3.org\/2000\/svg\" viewBox=\"0 0 1000 100\" preserveAspectRatio=\"none\">\n\t<path class=\"elementor-shape-fill\" d=\"M194,99c186.7,0.7,305-78.3,306-97.2c1,18.9,119.3,97.9,306,97.2c114.3-0.3,194,0.3,194,0.3s0-91.7,0-100c0,0,0,0,0-0 L0,0v99.3C0,99.3,79.7,98.7,194,99z\"\/>\n<\/svg>\t\t<\/div>\n\t\t\t\t\t<div class=\"elementor-container elementor-column-gap-default\">\n\t\t\t\t\t<div class=\"elementor-column elementor-col-100 elementor-top-column elementor-element elementor-element-96f7bae\" data-id=\"96f7bae\" data-element_type=\"column\" data-e-type=\"column\">\n\t\t\t<div class=\"elementor-widget-wrap elementor-element-populated\">\n\t\t\t\t\t\t<div class=\"elementor-element elementor-element-5e9558b elementor-widget elementor-widget-spacer\" data-id=\"5e9558b\" data-element_type=\"widget\" data-e-type=\"widget\" data-widget_type=\"spacer.default\">\n\t\t\t\t<div class=\"elementor-widget-container\">\n\t\t\t\t\t\t\t<div class=\"elementor-spacer\">\n\t\t\t<div class=\"elementor-spacer-inner\"><\/div>\n\t\t<\/div>\n\t\t\t\t\t\t<\/div>\n\t\t\t\t<\/div>\n\t\t\t\t<div class=\"elementor-element elementor-element-5e189e7 elementor-widget elementor-widget-heading\" data-id=\"5e189e7\" data-element_type=\"widget\" data-e-type=\"widget\" data-widget_type=\"heading.default\">\n\t\t\t\t<div class=\"elementor-widget-container\">\n\t\t\t\t\t<h2 class=\"elementor-heading-title elementor-size-default\"><u>Pr\u00e9sentation<\/u><\/h2>\t\t\t\t<\/div>\n\t\t\t\t<\/div>\n\t\t\t\t<div class=\"elementor-element elementor-element-7ad42fd elementor-widget elementor-widget-text-editor\" data-id=\"7ad42fd\" data-element_type=\"widget\" data-e-type=\"widget\" data-widget_type=\"text-editor.default\">\n\t\t\t\t<div class=\"elementor-widget-container\">\n\t\t\t\t\t\t\t\t\t<p>L\u2019Ecole de Th\u00e9\u00e2tre Les Meuliers est une association d\u2019enseignement th\u00e9\u00e2tral, d\u2019organisation de spectacles et de manifestations artistiques cr\u00e9\u00e9e en 2005.<br \/><br \/>Elle est subventionn\u00e9e par la ville de La Fert\u00e9-sous-Jouarre. L\u2019Ecole de Th\u00e9\u00e2tre Les Meuliers est dirig\u00e9e par sa fondatrice, Delphine GUIHARD, com\u00e9dienne de th\u00e9\u00e2tre, ancienne artiste-interpr\u00e8te \u00e0 Disneyland Paris, dipl\u00f4m\u00e9e de danse classique et contemporaine, auteure, metteure en sc\u00e8ne, form\u00e9e \u00e0 la p\u00e9dagogie th\u00e9\u00e2trale et passionn\u00e9e d\u2019art dramatique.<br \/><br \/>Nos cours s\u2019adressent aux enfants d\u00e8s l\u2019\u00e2ge de 3 ans (PS), aux adolescents et aux adultes, qu\u2019ils soient d\u00e9butants ou exp\u00e9riment\u00e9s. L\u2019Ecole de Th\u00e9\u00e2tre Les Meuliers propose \u00e9galement une formation approfondie pour les \u00e9l\u00e8ves com\u00e9diens en voie de professionnalisation.<br \/><br \/>Notre p\u00e9dagogie s\u2019inspire de l\u2019approche d\u00e9velopp\u00e9e par Ariane Mnouchkine et le Th\u00e9\u00e2tre du Soleil, o\u00f9 le th\u00e9\u00e2tre se vit avant tout comme une aventure collective. L\u2019enseignement repose sur des valeurs de partage, de respect et d\u2019\u00e9coute, et sur la conviction que chaque acteur s\u2019\u00e9panouit pleinement au service d\u2019un projet commun.<br \/><br \/>Dans cet esprit, nous travaillons le jeu \u00e0 travers :<br \/>\u2022 l\u2019improvisation, pour d\u00e9velopper la spontan\u00e9it\u00e9 et la libert\u00e9 de jeu ;<br \/>\u2022 le travail corporel et rythmique, afin d\u2019ancrer le com\u00e9dien dans une pr\u00e9sence sc\u00e9nique juste et engag\u00e9e ;<br \/>\u2022 la cr\u00e9ation d\u2019ensemble, o\u00f9 chaque individualit\u00e9 trouve sa place et contribue \u00e0 la force du groupe.<br \/><br \/>Parce que pratiquer le th\u00e9\u00e2tre contribue \u00e0 prendre conscience de soi, \u00e0 renforcer la confiance et \u00e0 nourrir la cr\u00e9ativit\u00e9, l\u2019Ecole de Th\u00e9\u00e2tre Les Meuliers propose un enseignement qui allie rigueur et plaisir, exigence artistique et bienveillance p\u00e9dagogique. Chaque \u00e9l\u00e8ve est accompagn\u00e9 selon son parcours, dans un cadre o\u00f9 l\u2019art dramatique devient \u00e0 la fois une discipline et une aventure humaine.<\/p>\t\t\t\t\t\t\t\t<\/div>\n\t\t\t\t<\/div>\n\t\t\t\t\t<\/div>\n\t\t<\/div>\n\t\t\t\t\t<\/div>\n\t\t<\/section>\n\t\t\t\t<section class=\"elementor-section elementor-top-section elementor-element elementor-element-369c239 elementor-section-content-middle elementor-section-boxed elementor-section-height-default elementor-section-height-default\" data-id=\"369c239\" data-element_type=\"section\" data-e-type=\"section\" data-settings=\"{&quot;background_background&quot;:&quot;classic&quot;,&quot;shape_divider_bottom&quot;:&quot;tilt&quot;}\">\n\t\t\t\t\t<div class=\"elementor-shape elementor-shape-bottom\" aria-hidden=\"true\" data-negative=\"false\">\n\t\t\t<svg xmlns=\"http:\/\/www.w3.org\/2000\/svg\" viewBox=\"0 0 1000 100\" preserveAspectRatio=\"none\">\n\t<path class=\"elementor-shape-fill\" d=\"M0,6V0h1000v100L0,6z\"\/>\n<\/svg>\t\t<\/div>\n\t\t\t\t\t<div class=\"elementor-container elementor-column-gap-default\">\n\t\t\t\t\t<div class=\"elementor-column elementor-col-50 elementor-top-column elementor-element elementor-element-687755c\" data-id=\"687755c\" data-element_type=\"column\" data-e-type=\"column\">\n\t\t\t<div class=\"elementor-widget-wrap elementor-element-populated\">\n\t\t\t\t\t\t<div class=\"elementor-element elementor-element-aef3a9e elementor-widget elementor-widget-image\" data-id=\"aef3a9e\" data-element_type=\"widget\" data-e-type=\"widget\" data-widget_type=\"image.default\">\n\t\t\t\t<div class=\"elementor-widget-container\">\n\t\t\t\t\t\t\t\t\t\t\t\t\t\t\t<img fetchpriority=\"high\" decoding=\"async\" width=\"1414\" height=\"2000\" src=\"https:\/\/theatrelesmeuliers.fr\/wp-content\/uploads\/2025\/05\/LOGO-ECOLE-DE-THEATRE-LES-MEULIERS-ROUGE-SANS-FOND.png\" class=\"attachment-full size-full wp-image-3378\" alt=\"\" srcset=\"https:\/\/theatrelesmeuliers.fr\/wp-content\/uploads\/2025\/05\/LOGO-ECOLE-DE-THEATRE-LES-MEULIERS-ROUGE-SANS-FOND.png 1414w, https:\/\/theatrelesmeuliers.fr\/wp-content\/uploads\/2025\/05\/LOGO-ECOLE-DE-THEATRE-LES-MEULIERS-ROUGE-SANS-FOND-600x849.png 600w, https:\/\/theatrelesmeuliers.fr\/wp-content\/uploads\/2025\/05\/LOGO-ECOLE-DE-THEATRE-LES-MEULIERS-ROUGE-SANS-FOND-212x300.png 212w, https:\/\/theatrelesmeuliers.fr\/wp-content\/uploads\/2025\/05\/LOGO-ECOLE-DE-THEATRE-LES-MEULIERS-ROUGE-SANS-FOND-724x1024.png 724w, https:\/\/theatrelesmeuliers.fr\/wp-content\/uploads\/2025\/05\/LOGO-ECOLE-DE-THEATRE-LES-MEULIERS-ROUGE-SANS-FOND-768x1086.png 768w, https:\/\/theatrelesmeuliers.fr\/wp-content\/uploads\/2025\/05\/LOGO-ECOLE-DE-THEATRE-LES-MEULIERS-ROUGE-SANS-FOND-1086x1536.png 1086w\" sizes=\"(max-width: 1414px) 100vw, 1414px\" \/>\t\t\t\t\t\t\t\t\t\t\t\t\t\t\t<\/div>\n\t\t\t\t<\/div>\n\t\t\t\t\t<\/div>\n\t\t<\/div>\n\t\t\t\t<div class=\"elementor-column elementor-col-50 elementor-top-column elementor-element elementor-element-3d6c99f\" data-id=\"3d6c99f\" data-element_type=\"column\" data-e-type=\"column\">\n\t\t\t<div class=\"elementor-widget-wrap elementor-element-populated\">\n\t\t\t\t\t\t<div class=\"elementor-element elementor-element-3455a94 elementor-widget elementor-widget-heading\" data-id=\"3455a94\" data-element_type=\"widget\" data-e-type=\"widget\" data-widget_type=\"heading.default\">\n\t\t\t\t<div class=\"elementor-widget-container\">\n\t\t\t\t\t<h3 class=\"elementor-heading-title elementor-size-default\"><u>LES objectifs DE NOTRE \u00e9COLE<\/u><\/h3>\t\t\t\t<\/div>\n\t\t\t\t<\/div>\n\t\t\t\t<div class=\"elementor-element elementor-element-a4d49d5 elementor-align-start elementor-icon-list--layout-traditional elementor-list-item-link-full_width elementor-widget elementor-widget-icon-list\" data-id=\"a4d49d5\" data-element_type=\"widget\" data-e-type=\"widget\" data-widget_type=\"icon-list.default\">\n\t\t\t\t<div class=\"elementor-widget-container\">\n\t\t\t\t\t\t\t<ul class=\"elementor-icon-list-items\">\n\t\t\t\t\t\t\t<li class=\"elementor-icon-list-item\">\n\t\t\t\t\t\t\t\t\t\t\t<span class=\"elementor-icon-list-icon\">\n\t\t\t\t\t\t\t<i aria-hidden=\"true\" class=\"fas fa-check\"><\/i>\t\t\t\t\t\t<\/span>\n\t\t\t\t\t\t\t\t\t\t<span class=\"elementor-icon-list-text\">D\u00e9couvrir et s\u2019approprier l\u2019espace sc\u00e9nique<\/span>\n\t\t\t\t\t\t\t\t\t<\/li>\n\t\t\t\t\t\t\t\t<li class=\"elementor-icon-list-item\">\n\t\t\t\t\t\t\t\t\t\t\t<span class=\"elementor-icon-list-icon\">\n\t\t\t\t\t\t\t<i aria-hidden=\"true\" class=\"fas fa-check\"><\/i>\t\t\t\t\t\t<\/span>\n\t\t\t\t\t\t\t\t\t\t<span class=\"elementor-icon-list-text\">Ma\u00eetriser son corps et travailler l\u2019expression corporelle<\/span>\n\t\t\t\t\t\t\t\t\t<\/li>\n\t\t\t\t\t\t\t\t<li class=\"elementor-icon-list-item\">\n\t\t\t\t\t\t\t\t\t\t\t<span class=\"elementor-icon-list-icon\">\n\t\t\t\t\t\t\t<i aria-hidden=\"true\" class=\"fas fa-check\"><\/i>\t\t\t\t\t\t<\/span>\n\t\t\t\t\t\t\t\t\t\t<span class=\"elementor-icon-list-text\">D\u00e9velopper la confiance en soi<\/span>\n\t\t\t\t\t\t\t\t\t<\/li>\n\t\t\t\t\t\t\t\t<li class=\"elementor-icon-list-item\">\n\t\t\t\t\t\t\t\t\t\t\t<span class=\"elementor-icon-list-icon\">\n\t\t\t\t\t\t\t<i aria-hidden=\"true\" class=\"fas fa-check\"><\/i>\t\t\t\t\t\t<\/span>\n\t\t\t\t\t\t\t\t\t\t<span class=\"elementor-icon-list-text\">Exprimer et g\u00e9rer ses \u00e9motions<\/span>\n\t\t\t\t\t\t\t\t\t<\/li>\n\t\t\t\t\t\t\t\t<li class=\"elementor-icon-list-item\">\n\t\t\t\t\t\t\t\t\t\t\t<span class=\"elementor-icon-list-icon\">\n\t\t\t\t\t\t\t<i aria-hidden=\"true\" class=\"fas fa-check\"><\/i>\t\t\t\t\t\t<\/span>\n\t\t\t\t\t\t\t\t\t\t<span class=\"elementor-icon-list-text\">Improviser et apprendre \u00e0 construire son personnage <\/span>\n\t\t\t\t\t\t\t\t\t<\/li>\n\t\t\t\t\t\t\t\t<li class=\"elementor-icon-list-item\">\n\t\t\t\t\t\t\t\t\t\t\t<span class=\"elementor-icon-list-icon\">\n\t\t\t\t\t\t\t<i aria-hidden=\"true\" class=\"fas fa-check\"><\/i>\t\t\t\t\t\t<\/span>\n\t\t\t\t\t\t\t\t\t\t<span class=\"elementor-icon-list-text\">Travailler sa voix<\/span>\n\t\t\t\t\t\t\t\t\t<\/li>\n\t\t\t\t\t\t\t\t<li class=\"elementor-icon-list-item\">\n\t\t\t\t\t\t\t\t\t\t\t<span class=\"elementor-icon-list-icon\">\n\t\t\t\t\t\t\t<i aria-hidden=\"true\" class=\"fas fa-check\"><\/i>\t\t\t\t\t\t<\/span>\n\t\t\t\t\t\t\t\t\t\t<span class=\"elementor-icon-list-text\">Interpr\u00e9ter des textes classiques (adapt\u00e9s selon les \u00e2ges et les niveaux) et contemporains<\/span>\n\t\t\t\t\t\t\t\t\t<\/li>\n\t\t\t\t\t\t<\/ul>\n\t\t\t\t\t\t<\/div>\n\t\t\t\t<\/div>\n\t\t\t\t\t<\/div>\n\t\t<\/div>\n\t\t\t\t\t<\/div>\n\t\t<\/section>\n\t\t\t\t<section class=\"elementor-section elementor-top-section elementor-element elementor-element-6bccd07 elementor-section-boxed elementor-section-height-default elementor-section-height-default\" data-id=\"6bccd07\" data-element_type=\"section\" data-e-type=\"section\" data-settings=\"{&quot;background_background&quot;:&quot;classic&quot;,&quot;shape_divider_bottom&quot;:&quot;tilt&quot;}\">\n\t\t\t\t\t<div class=\"elementor-shape elementor-shape-bottom\" aria-hidden=\"true\" data-negative=\"false\">\n\t\t\t<svg xmlns=\"http:\/\/www.w3.org\/2000\/svg\" viewBox=\"0 0 1000 100\" preserveAspectRatio=\"none\">\n\t<path class=\"elementor-shape-fill\" d=\"M0,6V0h1000v100L0,6z\"\/>\n<\/svg>\t\t<\/div>\n\t\t\t\t\t<div class=\"elementor-container elementor-column-gap-default\">\n\t\t\t\t\t<div class=\"elementor-column elementor-col-100 elementor-top-column elementor-element elementor-element-13687bb\" data-id=\"13687bb\" data-element_type=\"column\" data-e-type=\"column\">\n\t\t\t<div class=\"elementor-widget-wrap elementor-element-populated\">\n\t\t\t\t\t\t<div class=\"elementor-element elementor-element-e701b33 elementor-widget elementor-widget-heading\" data-id=\"e701b33\" data-element_type=\"widget\" data-e-type=\"widget\" data-widget_type=\"heading.default\">\n\t\t\t\t<div class=\"elementor-widget-container\">\n\t\t\t\t\t<h2 class=\"elementor-heading-title elementor-size-default\"><u>L'\u00e9quipe administrative<\/u><\/h2>\t\t\t\t<\/div>\n\t\t\t\t<\/div>\n\t\t\t\t<div class=\"elementor-element elementor-element-f29f101 elementor-widget-divider--view-line elementor-widget elementor-widget-divider\" data-id=\"f29f101\" data-element_type=\"widget\" data-e-type=\"widget\" data-widget_type=\"divider.default\">\n\t\t\t\t<div class=\"elementor-widget-container\">\n\t\t\t\t\t\t\t<div class=\"elementor-divider\">\n\t\t\t<span class=\"elementor-divider-separator\">\n\t\t\t\t\t\t<\/span>\n\t\t<\/div>\n\t\t\t\t\t\t<\/div>\n\t\t\t\t<\/div>\n\t\t\t\t<section class=\"elementor-section elementor-inner-section elementor-element elementor-element-5fb3b15 elementor-section-content-space-around elementor-section-boxed elementor-section-height-default elementor-section-height-default\" data-id=\"5fb3b15\" data-element_type=\"section\" data-e-type=\"section\">\n\t\t\t\t\t\t<div class=\"elementor-container elementor-column-gap-default\">\n\t\t\t\t\t<div class=\"elementor-column elementor-col-33 elementor-inner-column elementor-element elementor-element-cd78865\" data-id=\"cd78865\" data-element_type=\"column\" data-e-type=\"column\">\n\t\t\t<div class=\"elementor-widget-wrap elementor-element-populated\">\n\t\t\t\t\t\t<div class=\"elementor-element elementor-element-d9f84c3 elementor-widget elementor-widget-testimonial\" data-id=\"d9f84c3\" data-element_type=\"widget\" data-e-type=\"widget\" data-widget_type=\"testimonial.default\">\n\t\t\t\t<div class=\"elementor-widget-container\">\n\t\t\t\t\t\t\t<div class=\"elementor-testimonial-wrapper\">\n\t\t\t\n\t\t\t\t\t\t<div class=\"elementor-testimonial-meta\">\n\t\t\t\t<div class=\"elementor-testimonial-meta-inner\">\n\t\t\t\t\t\n\t\t\t\t\t\t\t\t\t\t<div class=\"elementor-testimonial-details\">\n\t\t\t\t\t\t\t\t\t\t\t\t\t\t\t\t\t\t\t\t<div class=\"elementor-testimonial-job\">Secr\u00e9taire<\/div>\n\t\t\t\t\t\t\t\t\t\t\t\t\t<\/div>\n\t\t\t\t\t\t\t\t\t<\/div>\n\t\t\t<\/div>\n\t\t\t\t\t<\/div>\n\t\t\t\t\t\t<\/div>\n\t\t\t\t<\/div>\n\t\t\t\t\t<\/div>\n\t\t<\/div>\n\t\t\t\t<div class=\"elementor-column elementor-col-33 elementor-inner-column elementor-element elementor-element-817d14e\" data-id=\"817d14e\" data-element_type=\"column\" data-e-type=\"column\">\n\t\t\t<div class=\"elementor-widget-wrap elementor-element-populated\">\n\t\t\t\t\t\t<div class=\"elementor-element elementor-element-e8a18b0 elementor-widget elementor-widget-testimonial\" data-id=\"e8a18b0\" data-element_type=\"widget\" data-e-type=\"widget\" data-widget_type=\"testimonial.default\">\n\t\t\t\t<div class=\"elementor-widget-container\">\n\t\t\t\t\t\t\t<div class=\"elementor-testimonial-wrapper\">\n\t\t\t\n\t\t\t\t\t\t<div class=\"elementor-testimonial-meta elementor-has-image elementor-testimonial-image-position-top\">\n\t\t\t\t<div class=\"elementor-testimonial-meta-inner\">\n\t\t\t\t\t\t\t\t\t\t\t<div class=\"elementor-testimonial-image\">\n\t\t\t\t\t\t\t<img decoding=\"async\" width=\"1024\" height=\"683\" src=\"https:\/\/theatrelesmeuliers.fr\/wp-content\/uploads\/2022\/09\/Christian_1-1024x683.jpg\" class=\"attachment-large size-large wp-image-1391\" alt=\"\" srcset=\"https:\/\/theatrelesmeuliers.fr\/wp-content\/uploads\/2022\/09\/Christian_1-1024x683.jpg 1024w, https:\/\/theatrelesmeuliers.fr\/wp-content\/uploads\/2022\/09\/Christian_1-300x200.jpg 300w, https:\/\/theatrelesmeuliers.fr\/wp-content\/uploads\/2022\/09\/Christian_1-768x512.jpg 768w, https:\/\/theatrelesmeuliers.fr\/wp-content\/uploads\/2022\/09\/Christian_1-1536x1024.jpg 1536w, https:\/\/theatrelesmeuliers.fr\/wp-content\/uploads\/2022\/09\/Christian_1-2048x1365.jpg 2048w\" sizes=\"(max-width: 1024px) 100vw, 1024px\" \/>\t\t\t\t\t\t<\/div>\n\t\t\t\t\t\n\t\t\t\t\t\t\t\t\t\t<div class=\"elementor-testimonial-details\">\n\t\t\t\t\t\t\t\t\t\t\t\t\t\t<div class=\"elementor-testimonial-name\">Christian GUIHARD<\/div>\n\t\t\t\t\t\t\t\t\t\t\t\t\t\t\t\t\t\t\t\t\t\t<div class=\"elementor-testimonial-job\">Pr\u00e9sident<\/div>\n\t\t\t\t\t\t\t\t\t\t\t\t\t<\/div>\n\t\t\t\t\t\t\t\t\t<\/div>\n\t\t\t<\/div>\n\t\t\t\t\t<\/div>\n\t\t\t\t\t\t<\/div>\n\t\t\t\t<\/div>\n\t\t\t\t\t<\/div>\n\t\t<\/div>\n\t\t\t\t<div class=\"elementor-column elementor-col-33 elementor-inner-column elementor-element elementor-element-cc63e2a\" data-id=\"cc63e2a\" data-element_type=\"column\" data-e-type=\"column\">\n\t\t\t<div class=\"elementor-widget-wrap elementor-element-populated\">\n\t\t\t\t\t\t<div class=\"elementor-element elementor-element-c6637b9 elementor-widget elementor-widget-testimonial\" data-id=\"c6637b9\" data-element_type=\"widget\" data-e-type=\"widget\" data-widget_type=\"testimonial.default\">\n\t\t\t\t<div class=\"elementor-widget-container\">\n\t\t\t\t\t\t\t<div class=\"elementor-testimonial-wrapper\">\n\t\t\t\n\t\t\t\t\t\t<div class=\"elementor-testimonial-meta elementor-has-image elementor-testimonial-image-position-top\">\n\t\t\t\t<div class=\"elementor-testimonial-meta-inner\">\n\t\t\t\t\t\t\t\t\t\t\t<div class=\"elementor-testimonial-image\">\n\t\t\t\t\t\t\t<img decoding=\"async\" width=\"1024\" height=\"682\" src=\"https:\/\/theatrelesmeuliers.fr\/wp-content\/uploads\/2025\/01\/IMG_1246-1024x682.webp\" class=\"attachment-large size-large wp-image-2841\" alt=\"\" srcset=\"https:\/\/theatrelesmeuliers.fr\/wp-content\/uploads\/2025\/01\/IMG_1246-1024x682.webp 1024w, https:\/\/theatrelesmeuliers.fr\/wp-content\/uploads\/2025\/01\/IMG_1246-300x200.webp 300w, https:\/\/theatrelesmeuliers.fr\/wp-content\/uploads\/2025\/01\/IMG_1246-768x512.webp 768w, https:\/\/theatrelesmeuliers.fr\/wp-content\/uploads\/2025\/01\/IMG_1246.webp 1052w\" sizes=\"(max-width: 1024px) 100vw, 1024px\" \/>\t\t\t\t\t\t<\/div>\n\t\t\t\t\t\n\t\t\t\t\t\t\t\t\t\t<div class=\"elementor-testimonial-details\">\n\t\t\t\t\t\t\t\t\t\t\t\t\t\t<div class=\"elementor-testimonial-name\">Delphine GUIHARD<\/div>\n\t\t\t\t\t\t\t\t\t\t\t\t\t\t\t\t\t\t\t\t\t\t<div class=\"elementor-testimonial-job\">Tr\u00e9sori\u00e8re<\/div>\n\t\t\t\t\t\t\t\t\t\t\t\t\t<\/div>\n\t\t\t\t\t\t\t\t\t<\/div>\n\t\t\t<\/div>\n\t\t\t\t\t<\/div>\n\t\t\t\t\t\t<\/div>\n\t\t\t\t<\/div>\n\t\t\t\t\t<\/div>\n\t\t<\/div>\n\t\t\t\t\t<\/div>\n\t\t<\/section>\n\t\t\t\t\t<\/div>\n\t\t<\/div>\n\t\t\t\t\t<\/div>\n\t\t<\/section>\n\t\t\t\t<section class=\"elementor-section elementor-top-section elementor-element elementor-element-gr70qq0 elementor-section-boxed elementor-section-height-default elementor-section-height-default\" data-id=\"gr70qq0\" data-element_type=\"section\" data-e-type=\"section\" data-settings=\"{&quot;background_background&quot;:&quot;classic&quot;,&quot;shape_divider_bottom&quot;:&quot;tilt&quot;}\">\n\t\t\t\t\t<div class=\"elementor-shape elementor-shape-bottom\" aria-hidden=\"true\" data-negative=\"false\">\n\t\t\t<svg xmlns=\"http:\/\/www.w3.org\/2000\/svg\" viewBox=\"0 0 1000 100\" preserveAspectRatio=\"none\">\n\t<path class=\"elementor-shape-fill\" d=\"M0,6V0h1000v100L0,6z\"\/>\n<\/svg>\t\t<\/div>\n\t\t\t\t\t<div class=\"elementor-container elementor-column-gap-no\">\n\t\t\t\t\t<div class=\"elementor-column elementor-col-100 elementor-top-column elementor-element elementor-element-7d39467\" data-id=\"7d39467\" data-element_type=\"column\" data-e-type=\"column\">\n\t\t\t<div class=\"elementor-widget-wrap elementor-element-populated\">\n\t\t\t\t\t\t<section class=\"elementor-section elementor-inner-section elementor-element elementor-element-74269ff elementor-section-boxed elementor-section-height-default elementor-section-height-default\" data-id=\"74269ff\" data-element_type=\"section\" data-e-type=\"section\">\n\t\t\t\t\t\t<div class=\"elementor-container elementor-column-gap-default\">\n\t\t\t\t\t<div class=\"elementor-column elementor-col-100 elementor-inner-column elementor-element elementor-element-e4f0e0c\" data-id=\"e4f0e0c\" data-element_type=\"column\" data-e-type=\"column\" data-settings=\"{&quot;background_background&quot;:&quot;classic&quot;}\">\n\t\t\t<div class=\"elementor-widget-wrap elementor-element-populated\">\n\t\t\t\t\t\t<div class=\"elementor-element elementor-element-f7b7ceb elementor-widget elementor-widget-heading\" data-id=\"f7b7ceb\" data-element_type=\"widget\" data-e-type=\"widget\" data-widget_type=\"heading.default\">\n\t\t\t\t<div class=\"elementor-widget-container\">\n\t\t\t\t\t<h2 class=\"elementor-heading-title elementor-size-default\"><u>L'\u00e9quipe p\u00e9dagogique<\/u><\/h2>\t\t\t\t<\/div>\n\t\t\t\t<\/div>\n\t\t\t\t<div class=\"elementor-element elementor-element-a8a652a elementor-widget elementor-widget-testimonial\" data-id=\"a8a652a\" data-element_type=\"widget\" data-e-type=\"widget\" data-widget_type=\"testimonial.default\">\n\t\t\t\t<div class=\"elementor-widget-container\">\n\t\t\t\t\t\t\t<div class=\"elementor-testimonial-wrapper\">\n\t\t\t\t\t\t\t<div class=\"elementor-testimonial-content\">N\u00e9e en 1973 \u00e0 SAINT NAZAIRE (Loire-Atlantique), Delphine GUIHARD, com\u00e9dienne, professeure d\u2019art dramatique, metteure en sc\u00e8ne et sc\u00e9nariste, elle fonde en 2005, l\u2019Ecole de Th\u00e9\u00e2tre Les Meuliers, o\u00f9 elle enseigne, depuis lors, le th\u00e9\u00e2tre et assure la direction artistique de ses programmations. Plong\u00e9e dans le monde artistique depuis son plus jeune age, Delphine d\u00e9bute sa carri\u00e8re en tant qu\u2019\u00e9l\u00e8ve de l\u2019\u00e9cole de danse classique et contemporaine Gaultier- Lachiche \u00e0 St Nazaire (44) o\u00f9 elle est r\u00e9compens\u00e9e par la danseuse Marika BESOBRASOVA de l\u2019Acad\u00e9mie de Danse Classique Princesse Grace de Monaco. Delphine d\u00e9couvre le th\u00e9\u00e2tre \u00e0 l\u2019\u00e2ge de 11 ans, puis int\u00e8gre rapidement La Compagnie th\u00e9\u00e2trale La Malouine, en qualit\u00e9 de com\u00e9dienne, lui donnant l'opportunit\u00e9 d'interpreter plusieurs premiers r\u00f4les f\u00e9minins. En 1993, elle est employ\u00e9e en qualit\u00e9 d\u2019artiste-interpr\u00e8te \u00e0 Disneyland Paris o\u00f9 elle participe \u00e0 des shows aux c\u00f4t\u00e9s de c\u00e9l\u00e9brit\u00e9s nationales et internationales, telles que Michael Jackson, Lisa-Marie Presley, David Copperfield... Delphine suit en parall\u00e8le des \u00e9tudes de sciences m\u00e9dico-sociales, afin d\u2019acqu\u00e9rir des connaissances approfondies sur les pathologies, l\u2019anatomie et la physiologie. Elle re\u00e7oit par la suite, une formation p\u00e9dagogique th\u00e9\u00e2trale lui permettant de transmettre sa passion, d\u2019enseigner l\u2019art dramatique et les techniques de jeu d\u2019acteur aux enfants, ados et adultes, d\u2019intervenir dans les \u00e9coles, en foyers m\u00e9dicalis\u00e9s... Elle obtient ensuite une certification internationale en kin\u00e9siologie, l\u2019aidant \u00e0 enrichir ses connaissances sur les dommages psycho-\u00e9motionnels et corporels.\n\n<\/div>\n\t\t\t\n\t\t\t\t\t\t<div class=\"elementor-testimonial-meta elementor-has-image elementor-testimonial-image-position-aside\">\n\t\t\t\t<div class=\"elementor-testimonial-meta-inner\">\n\t\t\t\t\t\t\t\t\t\t\t<div class=\"elementor-testimonial-image\">\n\t\t\t\t\t\t\t<img loading=\"lazy\" decoding=\"async\" width=\"150\" height=\"150\" src=\"https:\/\/theatrelesmeuliers.fr\/wp-content\/uploads\/2025\/01\/IMG_1246-150x150.webp\" class=\"attachment-thumbnail size-thumbnail wp-image-2841\" alt=\"\" srcset=\"https:\/\/theatrelesmeuliers.fr\/wp-content\/uploads\/2025\/01\/IMG_1246-150x150.webp 150w, https:\/\/theatrelesmeuliers.fr\/wp-content\/uploads\/2025\/01\/IMG_1246-300x300.webp 300w, https:\/\/theatrelesmeuliers.fr\/wp-content\/uploads\/2025\/01\/IMG_1246-100x100.webp 100w\" sizes=\"(max-width: 150px) 100vw, 150px\" \/>\t\t\t\t\t\t<\/div>\n\t\t\t\t\t\n\t\t\t\t\t\t\t\t\t\t<div class=\"elementor-testimonial-details\">\n\t\t\t\t\t\t\t\t\t\t\t\t\t\t<div class=\"elementor-testimonial-name\">Delphine GUIHARD<\/div>\n\t\t\t\t\t\t\t\t\t\t\t\t\t\t\t\t\t\t\t\t\t\t<div class=\"elementor-testimonial-job\">Directrice<\/div>\n\t\t\t\t\t\t\t\t\t\t\t\t\t<\/div>\n\t\t\t\t\t\t\t\t\t<\/div>\n\t\t\t<\/div>\n\t\t\t\t\t<\/div>\n\t\t\t\t\t\t<\/div>\n\t\t\t\t<\/div>\n\t\t\t\t<div class=\"elementor-element elementor-element-50dc20c elementor-widget elementor-widget-testimonial\" data-id=\"50dc20c\" data-element_type=\"widget\" data-e-type=\"widget\" data-widget_type=\"testimonial.default\">\n\t\t\t\t<div class=\"elementor-widget-container\">\n\t\t\t\t\t\t\t<div class=\"elementor-testimonial-wrapper\">\n\t\t\t\t\t\t\t<div class=\"elementor-testimonial-content\">Ayant commenc\u00e9 le th\u00e9\u00e2tre d\u00e8s son plus jeune \u00e2ge \u00e0 l\u2019Ecole de th\u00e9\u00e2tre les Meuliers, Benjamin a continu\u00e9 son aventure jusqu'\u00e0 la formation d'acteurs o\u00f9 il a pu rejoindre la Compagnie NoLimit\u2019. En 2018, il rejoint notre \u00e9quipe p\u00e9dagogique, puis suit une formation certifiante en animation d\u2019atelier d\u2019improvisation th\u00e9\u00e2trale au Th\u00e9\u00e2tre de l\u2019Instant \u00e0 VINCENNES. Benjamin est \u00e9galement com\u00e9dien au sein de la Compagnie \u00d4 Fil des Saisons de l\u2019Ecole. <\/div>\n\t\t\t\n\t\t\t\t\t\t<div class=\"elementor-testimonial-meta elementor-has-image elementor-testimonial-image-position-aside\">\n\t\t\t\t<div class=\"elementor-testimonial-meta-inner\">\n\t\t\t\t\t\t\t\t\t\t\t<div class=\"elementor-testimonial-image\">\n\t\t\t\t\t\t\t<img loading=\"lazy\" decoding=\"async\" width=\"150\" height=\"150\" src=\"https:\/\/theatrelesmeuliers.fr\/wp-content\/uploads\/2025\/01\/IMG_1269-150x150.webp\" class=\"attachment-thumbnail size-thumbnail wp-image-2842\" alt=\"\" srcset=\"https:\/\/theatrelesmeuliers.fr\/wp-content\/uploads\/2025\/01\/IMG_1269-150x150.webp 150w, https:\/\/theatrelesmeuliers.fr\/wp-content\/uploads\/2025\/01\/IMG_1269-300x300.webp 300w, https:\/\/theatrelesmeuliers.fr\/wp-content\/uploads\/2025\/01\/IMG_1269-100x100.webp 100w\" sizes=\"(max-width: 150px) 100vw, 150px\" \/>\t\t\t\t\t\t<\/div>\n\t\t\t\t\t\n\t\t\t\t\t\t\t\t\t\t<div class=\"elementor-testimonial-details\">\n\t\t\t\t\t\t\t\t\t\t\t\t\t\t<div class=\"elementor-testimonial-name\">Benjamin SALMON <\/div>\n\t\t\t\t\t\t\t\t\t\t\t\t\t\t\t\t\t\t\t\t\t\t<div class=\"elementor-testimonial-job\">Professeur<\/div>\n\t\t\t\t\t\t\t\t\t\t\t\t\t<\/div>\n\t\t\t\t\t\t\t\t\t<\/div>\n\t\t\t<\/div>\n\t\t\t\t\t<\/div>\n\t\t\t\t\t\t<\/div>\n\t\t\t\t<\/div>\n\t\t\t\t<div class=\"elementor-element elementor-element-a3bfaf3 elementor-widget elementor-widget-testimonial\" data-id=\"a3bfaf3\" data-element_type=\"widget\" data-e-type=\"widget\" data-widget_type=\"testimonial.default\">\n\t\t\t\t<div class=\"elementor-widget-container\">\n\t\t\t\t\t\t\t<div class=\"elementor-testimonial-wrapper\">\n\t\t\t\t\t\t\t<div class=\"elementor-testimonial-content\">Acteur, sc\u00e9nariste et r\u00e9alisateur cin\u00e9matographique form\u00e9 \u00e0 l'\u00e9cole de cin\u00e9ma de BORDEAUX, Quentin a \u00e9t\u00e9 pendant de tr\u00e8s nombreuses ann\u00e9es \u00e9l\u00e8ve com\u00e9dien \u00e0 l'Ecole de Th\u00e9\u00e2tre Les Meuliers, avant de rejoindre l'\u00e9quipe p\u00e9dagogique en 2020 o\u00f9 il propose ses services en qualit\u00e9 de professeur rempla\u00e7ant. Il est revenu dans la compagnie \u00d4 Fil des Saisons en 2024.<\/div>\n\t\t\t\n\t\t\t\t\t\t<div class=\"elementor-testimonial-meta elementor-has-image elementor-testimonial-image-position-aside\">\n\t\t\t\t<div class=\"elementor-testimonial-meta-inner\">\n\t\t\t\t\t\t\t\t\t\t\t<div class=\"elementor-testimonial-image\">\n\t\t\t\t\t\t\t<img loading=\"lazy\" decoding=\"async\" width=\"140\" height=\"150\" src=\"https:\/\/theatrelesmeuliers.fr\/wp-content\/uploads\/2024\/03\/sdfdsfdsfs-140x150.png\" class=\"attachment-thumbnail size-thumbnail wp-image-2634\" alt=\"\" \/>\t\t\t\t\t\t<\/div>\n\t\t\t\t\t\n\t\t\t\t\t\t\t\t\t\t<div class=\"elementor-testimonial-details\">\n\t\t\t\t\t\t\t\t\t\t\t\t\t\t<div class=\"elementor-testimonial-name\">Quentin CHERON<\/div>\n\t\t\t\t\t\t\t\t\t\t\t\t\t\t\t\t\t\t\t\t\t\t<div class=\"elementor-testimonial-job\">Professeur<\/div>\n\t\t\t\t\t\t\t\t\t\t\t\t\t<\/div>\n\t\t\t\t\t\t\t\t\t<\/div>\n\t\t\t<\/div>\n\t\t\t\t\t<\/div>\n\t\t\t\t\t\t<\/div>\n\t\t\t\t<\/div>\n\t\t\t\t<div class=\"elementor-element elementor-element-159e3dd elementor-widget elementor-widget-testimonial\" data-id=\"159e3dd\" data-element_type=\"widget\" data-e-type=\"widget\" data-widget_type=\"testimonial.default\">\n\t\t\t\t<div class=\"elementor-widget-container\">\n\t\t\t\t\t\t\t<div class=\"elementor-testimonial-wrapper\">\n\t\t\t\t\t\t\t<div class=\"elementor-testimonial-content\">\u00c9tudiante en Master de l\u2019Institut d\u2019Etudes Th\u00e9\u00e2trales de l\u2019Universit\u00e9 Sorbonne Nouvelle, M\u00e9lancolie a commenc\u00e9 le th\u00e9\u00e2tre \u00e0 l'\u00e2ge de 6 ans, ayant suivi de nombreux cours avec plusieurs metteurs en sc\u00e8ne et autres professionnels du th\u00e9\u00e2tre. Depuis 2019 elle a suivi des stages au sein de th\u00e9\u00e2tres franciliens dans diff\u00e9rents domaines. M\u00e9lancolie a int\u00e9gr\u00e9 l\u2019\u00e9quipe p\u00e9dagogique ainsi que la Compagnie \u00d4 Fil des Saisons en 2022.<\/div>\n\t\t\t\n\t\t\t\t\t\t<div class=\"elementor-testimonial-meta elementor-has-image elementor-testimonial-image-position-aside\">\n\t\t\t\t<div class=\"elementor-testimonial-meta-inner\">\n\t\t\t\t\t\t\t\t\t\t\t<div class=\"elementor-testimonial-image\">\n\t\t\t\t\t\t\t<img loading=\"lazy\" decoding=\"async\" width=\"150\" height=\"150\" src=\"https:\/\/theatrelesmeuliers.fr\/wp-content\/uploads\/2022\/09\/Melancolie_1-150x150.jpg\" class=\"attachment-thumbnail size-thumbnail wp-image-1383\" alt=\"\" srcset=\"https:\/\/theatrelesmeuliers.fr\/wp-content\/uploads\/2022\/09\/Melancolie_1-150x150.jpg 150w, https:\/\/theatrelesmeuliers.fr\/wp-content\/uploads\/2022\/09\/Melancolie_1-scaled-300x300.jpg 300w, https:\/\/theatrelesmeuliers.fr\/wp-content\/uploads\/2022\/09\/Melancolie_1-scaled-100x100.jpg 100w\" sizes=\"(max-width: 150px) 100vw, 150px\" \/>\t\t\t\t\t\t<\/div>\n\t\t\t\t\t\n\t\t\t\t\t\t\t\t\t\t<div class=\"elementor-testimonial-details\">\n\t\t\t\t\t\t\t\t\t\t\t\t\t\t<div class=\"elementor-testimonial-name\">M\u00e9lancolie MEYNADIER-LONGATTE<\/div>\n\t\t\t\t\t\t\t\t\t\t\t\t\t\t\t\t\t\t\t\t\t\t<div class=\"elementor-testimonial-job\">Professeur<\/div>\n\t\t\t\t\t\t\t\t\t\t\t\t\t<\/div>\n\t\t\t\t\t\t\t\t\t<\/div>\n\t\t\t<\/div>\n\t\t\t\t\t<\/div>\n\t\t\t\t\t\t<\/div>\n\t\t\t\t<\/div>\n\t\t\t\t<div class=\"elementor-element elementor-element-8a860c1 elementor-widget elementor-widget-testimonial\" data-id=\"8a860c1\" data-element_type=\"widget\" data-e-type=\"widget\" data-widget_type=\"testimonial.default\">\n\t\t\t\t<div class=\"elementor-widget-container\">\n\t\t\t\t\t\t\t<div class=\"elementor-testimonial-wrapper\">\n\t\t\t\t\t\t\t<div class=\"elementor-testimonial-content\">\u00c9tudiante en deuxi\u00e8me ann\u00e9es de Sciences de l\u2019\u00e9ducation \u00e0 l\u2019ICP de Paris, Perle a \u00e9tudi\u00e9 \u00e0 l'\u00c9cole sup\u00e9rieure d\u2019art dramatique et est \u00e9l\u00e8ve com\u00e9dienne \u00e0 l\u2019\u00c9cole de Th\u00e9\u00e2tre Les Meuliers depuis 2008. Elle a commenc\u00e9 son parcours artistique au sein de l\u2019atelier \u00c9veil avant d\u2019int\u00e9grer la compagnie \u00d4 Fil des Saisons en 2018. Perle a rejoint l\u2019\u00e9quipe p\u00e9dagogique en 2022 apr\u00e8s deux ann\u00e9es en tant qu\u2019assistante metteur en sc\u00e8ne.<\/div>\n\t\t\t\n\t\t\t\t\t\t<div class=\"elementor-testimonial-meta elementor-has-image elementor-testimonial-image-position-aside\">\n\t\t\t\t<div class=\"elementor-testimonial-meta-inner\">\n\t\t\t\t\t\t\t\t\t\t\t<div class=\"elementor-testimonial-image\">\n\t\t\t\t\t\t\t<img loading=\"lazy\" decoding=\"async\" width=\"150\" height=\"150\" src=\"https:\/\/theatrelesmeuliers.fr\/wp-content\/uploads\/2025\/01\/img_1259_optimized-150x150.webp\" class=\"attachment-thumbnail size-thumbnail wp-image-2844\" alt=\"\" srcset=\"https:\/\/theatrelesmeuliers.fr\/wp-content\/uploads\/2025\/01\/img_1259_optimized-150x150.webp 150w, https:\/\/theatrelesmeuliers.fr\/wp-content\/uploads\/2025\/01\/img_1259_optimized-300x300.webp 300w, https:\/\/theatrelesmeuliers.fr\/wp-content\/uploads\/2025\/01\/img_1259_optimized-100x100.webp 100w\" sizes=\"(max-width: 150px) 100vw, 150px\" \/>\t\t\t\t\t\t<\/div>\n\t\t\t\t\t\n\t\t\t\t\t\t\t\t\t\t<div class=\"elementor-testimonial-details\">\n\t\t\t\t\t\t\t\t\t\t\t\t\t\t<div class=\"elementor-testimonial-name\">Perle GUIHARD<\/div>\n\t\t\t\t\t\t\t\t\t\t\t\t\t\t\t\t\t\t\t\t\t\t<div class=\"elementor-testimonial-job\">Professeur<\/div>\n\t\t\t\t\t\t\t\t\t\t\t\t\t<\/div>\n\t\t\t\t\t\t\t\t\t<\/div>\n\t\t\t<\/div>\n\t\t\t\t\t<\/div>\n\t\t\t\t\t\t<\/div>\n\t\t\t\t<\/div>\n\t\t\t\t<div class=\"elementor-element elementor-element-65402b2 elementor-widget elementor-widget-testimonial\" data-id=\"65402b2\" data-element_type=\"widget\" data-e-type=\"widget\" data-widget_type=\"testimonial.default\">\n\t\t\t\t<div class=\"elementor-widget-container\">\n\t\t\t\t\t\t\t<div class=\"elementor-testimonial-wrapper\">\n\t\t\t\t\t\t\t<div class=\"elementor-testimonial-content\">\u00c9tudiant en deuxi\u00e8me ann\u00e9es de Sciences de l\u2019\u00e9ducation \u00e0 l\u2019ICP de Paris, Karel a suivi des \u00e9tudes \u00e0 l'\u00c9cole sup\u00e9rieure d\u2019art dramatique et est \u00e9l\u00e8ve com\u00e9dien \u00e0 l\u2019\u00c9cole de Th\u00e9\u00e2tre Les Meuliers depuis 2023, o\u00f9 il a int\u00e9gr\u00e9 la compagnie \u00d4 Fil des Saisons. Karel a \u00e9galement rejoint l\u2019\u00e9quipe p\u00e9dagogique en 2023.<\/div>\n\t\t\t\n\t\t\t\t\t\t<div class=\"elementor-testimonial-meta elementor-has-image elementor-testimonial-image-position-aside\">\n\t\t\t\t<div class=\"elementor-testimonial-meta-inner\">\n\t\t\t\t\t\t\t\t\t\t\t<div class=\"elementor-testimonial-image\">\n\t\t\t\t\t\t\t<img loading=\"lazy\" decoding=\"async\" width=\"150\" height=\"150\" src=\"https:\/\/theatrelesmeuliers.fr\/wp-content\/uploads\/2025\/01\/img_1260_optimized-150x150.webp\" class=\"attachment-thumbnail size-thumbnail wp-image-2845\" alt=\"\" srcset=\"https:\/\/theatrelesmeuliers.fr\/wp-content\/uploads\/2025\/01\/img_1260_optimized-150x150.webp 150w, https:\/\/theatrelesmeuliers.fr\/wp-content\/uploads\/2025\/01\/img_1260_optimized-300x300.webp 300w, https:\/\/theatrelesmeuliers.fr\/wp-content\/uploads\/2025\/01\/img_1260_optimized-100x100.webp 100w\" sizes=\"(max-width: 150px) 100vw, 150px\" \/>\t\t\t\t\t\t<\/div>\n\t\t\t\t\t\n\t\t\t\t\t\t\t\t\t\t<div class=\"elementor-testimonial-details\">\n\t\t\t\t\t\t\t\t\t\t\t\t\t\t<div class=\"elementor-testimonial-name\">Karel BRETON<\/div>\n\t\t\t\t\t\t\t\t\t\t\t\t\t\t\t\t\t\t\t\t\t\t<div class=\"elementor-testimonial-job\">Professeur<\/div>\n\t\t\t\t\t\t\t\t\t\t\t\t\t<\/div>\n\t\t\t\t\t\t\t\t\t<\/div>\n\t\t\t<\/div>\n\t\t\t\t\t<\/div>\n\t\t\t\t\t\t<\/div>\n\t\t\t\t<\/div>\n\t\t\t\t<div class=\"elementor-element elementor-element-7054410 elementor-widget elementor-widget-testimonial\" data-id=\"7054410\" data-element_type=\"widget\" data-e-type=\"widget\" data-widget_type=\"testimonial.default\">\n\t\t\t\t<div class=\"elementor-widget-container\">\n\t\t\t\t\t\t\t<div class=\"elementor-testimonial-wrapper\">\n\t\t\t\t\t\t\t<div class=\"elementor-testimonial-content\">Nathan a suivi sa formation \u00e0 la Sorbonne Nouvelle, o\u00f9 il a obtenu sa licence en cin\u00e9ma et audiovisuel. Gr\u00e2ce \u00e0 sa formation en doublage, il participe \u00e0 de nombreux films, s\u00e9ries et dessins anim\u00e9s. Com\u00e9dien au sein de la compagnie \u00d4 fil des Saisons depuis 2019, il a rejoint notre \u00e9quipe p\u00e9dagogique en 2024.<\/div>\n\t\t\t\n\t\t\t\t\t\t<div class=\"elementor-testimonial-meta elementor-has-image elementor-testimonial-image-position-aside\">\n\t\t\t\t<div class=\"elementor-testimonial-meta-inner\">\n\t\t\t\t\t\t\t\t\t\t\t<div class=\"elementor-testimonial-image\">\n\t\t\t\t\t\t\t<img loading=\"lazy\" decoding=\"async\" width=\"150\" height=\"150\" src=\"https:\/\/theatrelesmeuliers.fr\/wp-content\/uploads\/2025\/01\/459250824_494022923370406_6001847761128639408_n-150x150.jpg\" class=\"attachment-thumbnail size-thumbnail wp-image-2856\" alt=\"\" srcset=\"https:\/\/theatrelesmeuliers.fr\/wp-content\/uploads\/2025\/01\/459250824_494022923370406_6001847761128639408_n-150x150.jpg 150w, https:\/\/theatrelesmeuliers.fr\/wp-content\/uploads\/2025\/01\/459250824_494022923370406_6001847761128639408_n-300x300.jpg 300w, https:\/\/theatrelesmeuliers.fr\/wp-content\/uploads\/2025\/01\/459250824_494022923370406_6001847761128639408_n-100x100.jpg 100w\" sizes=\"(max-width: 150px) 100vw, 150px\" \/>\t\t\t\t\t\t<\/div>\n\t\t\t\t\t\n\t\t\t\t\t\t\t\t\t\t<div class=\"elementor-testimonial-details\">\n\t\t\t\t\t\t\t\t\t\t\t\t\t\t<div class=\"elementor-testimonial-name\">Nathan Mansuy<\/div>\n\t\t\t\t\t\t\t\t\t\t\t\t\t\t\t\t\t\t\t\t\t\t<div class=\"elementor-testimonial-job\">Professeur<\/div>\n\t\t\t\t\t\t\t\t\t\t\t\t\t<\/div>\n\t\t\t\t\t\t\t\t\t<\/div>\n\t\t\t<\/div>\n\t\t\t\t\t<\/div>\n\t\t\t\t\t\t<\/div>\n\t\t\t\t<\/div>\n\t\t\t\t<div class=\"elementor-element elementor-element-067df73 elementor-widget elementor-widget-testimonial\" data-id=\"067df73\" data-element_type=\"widget\" data-e-type=\"widget\" data-widget_type=\"testimonial.default\">\n\t\t\t\t<div class=\"elementor-widget-container\">\n\t\t\t\t\t\t\t<div class=\"elementor-testimonial-wrapper\">\n\t\t\t\t\t\t\t<div class=\"elementor-testimonial-content\">\u00c9tudiant en Cin\u00e9ma \u00e0 l\u2019ESIS, Jayce nourrit une passion profonde pour l\u2019art sous toutes ses formes, avec un attrait particulier pour la pop culture et le cosplay. En 2019, il rejoint l\u2019\u00e9cole de th\u00e9\u00e2tre les Meuliers, o\u00f9 il affine son jeu d'acteur et explore diverses techniques sc\u00e9niques. Deux ans plus tard, en 2021, il int\u00e8gre la compagnie th\u00e9\u00e2trale \u00d4 fil des saisons, ce qui lui permet de se produire sur sc\u00e8ne et de participer \u00e0 des cr\u00e9ations originales. En 2024, il franchit une nouvelle \u00e9tape dans son parcours artistique en rejoignant l\u2019\u00e9quipe p\u00e9dagogique, partageant ainsi son savoir et sa passion avec la nouvelle g\u00e9n\u00e9ration d\u2019artistes.\n<\/div>\n\t\t\t\n\t\t\t\t\t\t<div class=\"elementor-testimonial-meta elementor-has-image elementor-testimonial-image-position-aside\">\n\t\t\t\t<div class=\"elementor-testimonial-meta-inner\">\n\t\t\t\t\t\t\t\t\t\t\t<div class=\"elementor-testimonial-image\">\n\t\t\t\t\t\t\t<img loading=\"lazy\" decoding=\"async\" width=\"150\" height=\"150\" src=\"https:\/\/theatrelesmeuliers.fr\/wp-content\/uploads\/2025\/01\/IMG_1254-150x150.jpg\" class=\"attachment-thumbnail size-thumbnail wp-image-2854\" alt=\"\" srcset=\"https:\/\/theatrelesmeuliers.fr\/wp-content\/uploads\/2025\/01\/IMG_1254-150x150.jpg 150w, https:\/\/theatrelesmeuliers.fr\/wp-content\/uploads\/2025\/01\/IMG_1254-scaled-300x300.jpg 300w, https:\/\/theatrelesmeuliers.fr\/wp-content\/uploads\/2025\/01\/IMG_1254-scaled-100x100.jpg 100w\" sizes=\"(max-width: 150px) 100vw, 150px\" \/>\t\t\t\t\t\t<\/div>\n\t\t\t\t\t\n\t\t\t\t\t\t\t\t\t\t<div class=\"elementor-testimonial-details\">\n\t\t\t\t\t\t\t\t\t\t\t\t\t\t<div class=\"elementor-testimonial-name\">Jayce Imhof<\/div>\n\t\t\t\t\t\t\t\t\t\t\t\t\t\t\t\t\t\t\t\t\t\t<div class=\"elementor-testimonial-job\">Professeur<\/div>\n\t\t\t\t\t\t\t\t\t\t\t\t\t<\/div>\n\t\t\t\t\t\t\t\t\t<\/div>\n\t\t\t<\/div>\n\t\t\t\t\t<\/div>\n\t\t\t\t\t\t<\/div>\n\t\t\t\t<\/div>\n\t\t\t\t\t<\/div>\n\t\t<\/div>\n\t\t\t\t\t<\/div>\n\t\t<\/section>\n\t\t\t\t<div class=\"elementor-element elementor-element-1989c04 elementor-widget-divider--view-line elementor-widget elementor-widget-divider\" data-id=\"1989c04\" data-element_type=\"widget\" data-e-type=\"widget\" data-widget_type=\"divider.default\">\n\t\t\t\t<div class=\"elementor-widget-container\">\n\t\t\t\t\t\t\t<div class=\"elementor-divider\">\n\t\t\t<span class=\"elementor-divider-separator\">\n\t\t\t\t\t\t<\/span>\n\t\t<\/div>\n\t\t\t\t\t\t<\/div>\n\t\t\t\t<\/div>\n\t\t\t\t\t<\/div>\n\t\t<\/div>\n\t\t\t\t\t<\/div>\n\t\t<\/section>\n\t\t\t\t<section class=\"elementor-section elementor-top-section elementor-element elementor-element-31131f1 elementor-section-boxed elementor-section-height-default elementor-section-height-default\" data-id=\"31131f1\" data-element_type=\"section\" data-e-type=\"section\" data-settings=\"{&quot;background_background&quot;:&quot;classic&quot;,&quot;shape_divider_bottom&quot;:&quot;tilt&quot;}\">\n\t\t\t\t\t<div class=\"elementor-shape elementor-shape-bottom\" aria-hidden=\"true\" data-negative=\"false\">\n\t\t\t<svg xmlns=\"http:\/\/www.w3.org\/2000\/svg\" viewBox=\"0 0 1000 100\" preserveAspectRatio=\"none\">\n\t<path class=\"elementor-shape-fill\" d=\"M0,6V0h1000v100L0,6z\"\/>\n<\/svg>\t\t<\/div>\n\t\t\t\t\t<div class=\"elementor-container elementor-column-gap-no\">\n\t\t\t\t\t<div class=\"elementor-column elementor-col-100 elementor-top-column elementor-element elementor-element-97462ab\" data-id=\"97462ab\" data-element_type=\"column\" data-e-type=\"column\">\n\t\t\t<div class=\"elementor-widget-wrap elementor-element-populated\">\n\t\t\t\t\t\t<div class=\"elementor-element elementor-element-ffbc98b elementor-widget elementor-widget-heading\" data-id=\"ffbc98b\" data-element_type=\"widget\" data-e-type=\"widget\" data-widget_type=\"heading.default\">\n\t\t\t\t<div class=\"elementor-widget-container\">\n\t\t\t\t\t<h2 class=\"elementor-heading-title elementor-size-default\"><u>L'\u00e9quipe b\u00e9n\u00e9vole<\/u><\/h2>\t\t\t\t<\/div>\n\t\t\t\t<\/div>\n\t\t\t\t<div class=\"elementor-element elementor-element-e06f510 elementor-widget-divider--view-line elementor-widget elementor-widget-divider\" data-id=\"e06f510\" data-element_type=\"widget\" data-e-type=\"widget\" data-widget_type=\"divider.default\">\n\t\t\t\t<div class=\"elementor-widget-container\">\n\t\t\t\t\t\t\t<div class=\"elementor-divider\">\n\t\t\t<span class=\"elementor-divider-separator\">\n\t\t\t\t\t\t<\/span>\n\t\t<\/div>\n\t\t\t\t\t\t<\/div>\n\t\t\t\t<\/div>\n\t\t\t\t<div class=\"elementor-element elementor-element-6c937bc elementor-widget elementor-widget-text-editor\" data-id=\"6c937bc\" data-element_type=\"widget\" data-e-type=\"widget\" data-widget_type=\"text-editor.default\">\n\t\t\t\t<div class=\"elementor-widget-container\">\n\t\t\t\t\t\t\t\t\t<p><em>La petite \u00e9quipe permanente de b\u00e9n\u00e9voles actifs et les professeurs ne peuvent, seuls, assumer la pr\u00e9paration et l\u2019organisation des spectacles et \u00e9v\u00e9nements publics : installation des d\u00e9cors, des accessoires et de la r\u00e9gie son et lumi\u00e8re, aide \u00e0 l\u2019habillage, maquillages et coiffures des acteurs, accueil des spectateurs et animation du foyer d\u2019entracte, promotion (affichages, diffusions m\u00e9diatiques\u2026), photos et vid\u00e9os des spectacles, la vie quotidienne de l\u2019association&#8230; Nous avons besoin de vous pour faire vivre l\u2019\u00e9cole, en participant \u00e0 la r\u00e9alisation technique et\/ou logistique de nos spectacles, selon vos talents, vos envies et vos disponibilit\u00e9s. Vous pouvez nous aider depuis chez vous ou \u00e0 l\u2019occasion de r\u00e9p\u00e9titions. Votre aide lors des repr\u00e9sentations vous fera b\u00e9n\u00e9ficier de leur gratuit\u00e9.<\/em><\/p><p><em> Que vous aimiez le travail d\u2019\u00e9quipe ou travaillez en solitaire, et si avez un peu de temps, vous pouvez nous contacter dans la rubrique \u00ab\u00a0Contact\u00a0\u00bb et rejoindre notre \u00e9quipe de b\u00e9n\u00e9voles en r\u00e9glant une cotisation de 10\u20ac. (gratuit pour les \u00e9l\u00e8ves com\u00e9diens qui souhaitent int\u00e9grer l\u2019\u00e9quipe \u00ab Avant-Sc\u00e8ne \u00bb de b\u00e9n\u00e9voles)<\/em><\/p>\t\t\t\t\t\t\t\t<\/div>\n\t\t\t\t<\/div>\n\t\t\t\t\t<\/div>\n\t\t<\/div>\n\t\t\t\t\t<\/div>\n\t\t<\/section>\n\t\t\t\t<\/div>\n\t\t","protected":false},"excerpt":{"rendered":"<p>L&rsquo;histoire de notre \u00e9cole Pr\u00e9sentation L\u2019Ecole de Th\u00e9\u00e2tre Les Meuliers est une association d\u2019enseignement th\u00e9\u00e2tral, d\u2019organisation de spectacles et de manifestations artistiques cr\u00e9\u00e9e en 2005. Elle est subventionn\u00e9e par la ville de La Fert\u00e9-sous-Jouarre. L\u2019Ecole de Th\u00e9\u00e2tre Les Meuliers est dirig\u00e9e par sa fondatrice, Delphine GUIHARD, com\u00e9dienne de th\u00e9\u00e2tre, ancienne artiste-interpr\u00e8te \u00e0 Disneyland Paris, dipl\u00f4m\u00e9e [&hellip;]<\/p>\n","protected":false},"author":1,"featured_media":0,"parent":0,"menu_order":0,"comment_status":"closed","ping_status":"closed","template":"","meta":{"_uag_custom_page_level_css":"","site-sidebar-layout":"no-sidebar","site-content-layout":"page-builder","ast-site-content-layout":"default","site-content-style":"default","site-sidebar-style":"default","ast-global-header-display":"","ast-banner-title-visibility":"","ast-main-header-display":"","ast-hfb-above-header-display":"","ast-hfb-below-header-display":"","ast-hfb-mobile-header-display":"","site-post-title":"disabled","ast-breadcrumbs-content":"","ast-featured-img":"disabled","footer-sml-layout":"","ast-disable-related-posts":"","theme-transparent-header-meta":"","adv-header-id-meta":"","stick-header-meta":"","header-above-stick-meta":"","header-main-stick-meta":"","header-below-stick-meta":"","astra-migrate-meta-layouts":"default","ast-page-background-enabled":"default","ast-page-background-meta":{"desktop":{"background-color":"","background-image":"","background-repeat":"repeat","background-position":"center center","background-size":"auto","background-attachment":"scroll","background-type":"","background-media":"","overlay-type":"","overlay-color":"","overlay-opacity":"","overlay-gradient":""},"tablet":{"background-color":"","background-image":"","background-repeat":"repeat","background-position":"center center","background-size":"auto","background-attachment":"scroll","background-type":"","background-media":"","overlay-type":"","overlay-color":"","overlay-opacity":"","overlay-gradient":""},"mobile":{"background-color":"","background-image":"","background-repeat":"repeat","background-position":"center center","background-size":"auto","background-attachment":"scroll","background-type":"","background-media":"","overlay-type":"","overlay-color":"","overlay-opacity":"","overlay-gradient":""}},"ast-content-background-meta":{"desktop":{"background-color":"var(--ast-global-color-5)","background-image":"","background-repeat":"repeat","background-position":"center center","background-size":"auto","background-attachment":"scroll","background-type":"","background-media":"","overlay-type":"","overlay-color":"","overlay-opacity":"","overlay-gradient":""},"tablet":{"background-color":"var(--ast-global-color-5)","background-image":"","background-repeat":"repeat","background-position":"center center","background-size":"auto","background-attachment":"scroll","background-type":"","background-media":"","overlay-type":"","overlay-color":"","overlay-opacity":"","overlay-gradient":""},"mobile":{"background-color":"var(--ast-global-color-5)","background-image":"","background-repeat":"repeat","background-position":"center center","background-size":"auto","background-attachment":"scroll","background-type":"","background-media":"","overlay-type":"","overlay-color":"","overlay-opacity":"","overlay-gradient":""}},"footnotes":""},"class_list":["post-808","page","type-page","status-publish","hentry"],"aioseo_notices":[],"uagb_featured_image_src":{"full":false,"thumbnail":false,"medium":false,"medium_large":false,"large":false,"1536x1536":false,"2048x2048":false,"woocommerce_thumbnail":false,"woocommerce_single":false,"woocommerce_gallery_thumbnail":false},"uagb_author_info":{"display_name":"Theatre les meuliers","author_link":"https:\/\/theatrelesmeuliers.fr\/author\/benjamin-salmon\/"},"uagb_comment_info":0,"uagb_excerpt":"L&rsquo;histoire de notre \u00e9cole Pr\u00e9sentation L\u2019Ecole de Th\u00e9\u00e2tre Les Meuliers est une association d\u2019enseignement th\u00e9\u00e2tral, d\u2019organisation de spectacles et de manifestations artistiques cr\u00e9\u00e9e en 2005. Elle est subventionn\u00e9e par la ville de La Fert\u00e9-sous-Jouarre. L\u2019Ecole de Th\u00e9\u00e2tre Les Meuliers est dirig\u00e9e par sa fondatrice, Delphine GUIHARD, com\u00e9dienne de th\u00e9\u00e2tre, ancienne artiste-interpr\u00e8te \u00e0 Disneyland Paris, dipl\u00f4m\u00e9e\u2026","_links":{"self":[{"href":"https:\/\/theatrelesmeuliers.fr\/index.php\/wp-json\/wp\/v2\/pages\/808","targetHints":{"allow":["GET"]}}],"collection":[{"href":"https:\/\/theatrelesmeuliers.fr\/index.php\/wp-json\/wp\/v2\/pages"}],"about":[{"href":"https:\/\/theatrelesmeuliers.fr\/index.php\/wp-json\/wp\/v2\/types\/page"}],"author":[{"embeddable":true,"href":"https:\/\/theatrelesmeuliers.fr\/index.php\/wp-json\/wp\/v2\/users\/1"}],"replies":[{"embeddable":true,"href":"https:\/\/theatrelesmeuliers.fr\/index.php\/wp-json\/wp\/v2\/comments?post=808"}],"version-history":[{"count":325,"href":"https:\/\/theatrelesmeuliers.fr\/index.php\/wp-json\/wp\/v2\/pages\/808\/revisions"}],"predecessor-version":[{"id":3973,"href":"https:\/\/theatrelesmeuliers.fr\/index.php\/wp-json\/wp\/v2\/pages\/808\/revisions\/3973"}],"wp:attachment":[{"href":"https:\/\/theatrelesmeuliers.fr\/index.php\/wp-json\/wp\/v2\/media?parent=808"}],"curies":[{"name":"wp","href":"https:\/\/api.w.org\/{rel}","templated":true}]}}